{"id":1529,"date":"2025-10-07T10:31:48","date_gmt":"2025-10-07T08:31:48","guid":{"rendered":"https:\/\/premios.asociacionpodcast.es\/?page_id=1529"},"modified":"2025-10-10T11:22:06","modified_gmt":"2025-10-10T09:22:06","slug":"listado-finalistas-por-categoria-2025","status":"publish","type":"page","link":"https:\/\/premios.asociacionpodcast.es\/index.php\/listado-finalistas-por-categoria-2025\/","title":{"rendered":"LISTADO FINALISTAS POR CATEGOR\u00cdA 2025"},"content":{"rendered":"\n<p>Bienvenidos al Listado de Finalistas por Categor\u00eda. Enhorabuena a todos los participantes y nuestras felicitaciones a los m\u00e1s votados por Categor\u00eda. <\/p>\n\n\n\n<p>Recuerda qu\u00e9 ahora, los SOCIOS podr\u00e1n votarte para ser el Mejor Podcast en la Categor\u00eda que has escogido y en las JPOD tendremos la entrega de Premios. <br><br>Las JPOD es parte del ADN de nuestra Asociaci\u00f3n Podcast de Espa\u00f1a y queremos que formes parte de ella. Si tienes la oportunidad de asistir este a\u00f1o en Terrassa, durante los d\u00edas 24, 25 y 26 de octubre, no lo dudes y no dejes que nadie te lo cuente. <\/p>\n\n\n\n<p><strong>Categor\u00edas Tem\u00e1ticas<\/strong><\/p>\n\n\n\n<h3 class=\"wp-block-heading\"><strong>Actualidad o Sociedad<\/strong><\/h3>\n\n\n\n<p>Podcasts que tratan noticias de actualidad pol\u00edtica y social, econom\u00eda y opini\u00f3n. Se incluyen tanto programas informativos como aquellos que abordan problem\u00e1ticas y din\u00e1micas sociales desde una perspectiva cr\u00edtica y reflexiva.<\/p>\n\n\n\n<hr class=\"wp-block-separator has-alpha-channel-opacity\"\/>\n\n\n\n<figure class=\"wp-block-table is-style-stripes\" style=\"font-size:18px\"><table class=\"has-fixed-layout\"><tbody><tr><td>PODCAST<\/td><td class=\"has-text-align-center\" data-align=\"center\">IMAGEN DEL PODCAST<\/td><td>DESCRIPCI\u00d3N DEL PODCAST<\/td><td>EPISODIO<\/td><td class=\"has-text-align-center\" data-align=\"center\">VOTOS EN %<\/td><td class=\"has-text-align-center\" data-align=\"center\">PERSONAS SOCIAS<\/td><\/tr><tr><td>Los \u00faltimos de Feedlipinas<\/td><td class=\"has-text-align-center\" data-align=\"center\"><img decoding=\"async\" loading=\"lazy\" width=\"300\" height=\"300\" class=\"wp-image-1436\" style=\"width: 150px;\" src=\"https:\/\/premios.asociacionpodcast.es\/wp-content\/uploads\/2025\/09\/los_ultimos_de_feedlipinas.jpg\" alt=\"\" srcset=\"https:\/\/premios.asociacionpodcast.es\/wp-content\/uploads\/2025\/09\/los_ultimos_de_feedlipinas.jpg 300w, https:\/\/premios.asociacionpodcast.es\/wp-content\/uploads\/2025\/09\/los_ultimos_de_feedlipinas-150x150.jpg 150w\" sizes=\"(max-width: 300px) 100vw, 300px\" \/><\/td><td>Metapodcasting independiente sin \u00e1nimo de lucro en vena. Recomendaciones de podcast, opini\u00f3n, charletas con podcasters y noticias del mundillo. Apolog\u00eda del feed y del podcasting 2.0. Hostea Jeanbedel. Colaboran Helena, Agust\u00edn, David y Roberto.<\/td><td><a href=\"https:\/\/go.ivoox.com\/rf\/155170659\">https:\/\/go.ivoox.com\/rf\/155170659<\/a><\/td><td class=\"has-text-align-center\" data-align=\"center\">28.57%<\/td><td class=\"has-text-align-center\" data-align=\"center\">S\u00cd<\/td><\/tr><tr><td>A Micro Descubierto<\/td><td class=\"has-text-align-center\" data-align=\"center\"><img decoding=\"async\" loading=\"lazy\" width=\"764\" height=\"578\" class=\"wp-image-1317\" style=\"width: 120px;\" src=\"https:\/\/premios.asociacionpodcast.es\/wp-content\/uploads\/2025\/08\/a_micro_descubierto.jpg\" alt=\"\" srcset=\"https:\/\/premios.asociacionpodcast.es\/wp-content\/uploads\/2025\/08\/a_micro_descubierto.jpg 764w, https:\/\/premios.asociacionpodcast.es\/wp-content\/uploads\/2025\/08\/a_micro_descubierto-300x227.jpg 300w\" sizes=\"(max-width: 764px) 100vw, 764px\" \/><\/td><td>Podcast de entrevistas intimas y personales a todo tipo de personas, pero con un denominador com\u00fan, tener algo interesante que contar y de lo que todos podamos aprender algo. Desde presentadores de tv, a actores reconocidos, como expertos en ciencia, una superviviente de la trata de personas o un atracador de bancos\u2026<\/td><td><a href=\"https:\/\/www.ivoox.com\/36-juanito-oiarzabal-audios-mp3_rf_130688085_1.html\">https:\/\/www.ivoox.com\/30-amelia-tiganus-audios-mp3_rf_119042221_1.html<\/a><\/td><td class=\"has-text-align-center\" data-align=\"center\">26.67%<\/td><td class=\"has-text-align-center\" data-align=\"center\">S\u00cd<\/td><\/tr><tr><td>Charlando con&#8230;<\/td><td class=\"has-text-align-center\" data-align=\"center\"><img decoding=\"async\" loading=\"lazy\" width=\"300\" height=\"300\" class=\"wp-image-1397\" style=\"width: 120px;\" src=\"https:\/\/premios.asociacionpodcast.es\/wp-content\/uploads\/2025\/09\/charlando_con.jpg\" alt=\"\" srcset=\"https:\/\/premios.asociacionpodcast.es\/wp-content\/uploads\/2025\/09\/charlando_con.jpg 300w, https:\/\/premios.asociacionpodcast.es\/wp-content\/uploads\/2025\/09\/charlando_con-150x150.jpg 150w\" sizes=\"(max-width: 300px) 100vw, 300px\" \/><\/td><td>Podcast que nace con la intenci\u00f3n de acercar diferentes profesiones al publico en general mediante charlas relajadas, como las que tienes con tus amigos. Todo el mundo tiene algo que decir y charlando siempre salen buenas historias.<\/td><td><a href=\"https:\/\/open.spotify.com\/episode\/1LVgpXVW5gkpiwgKOyRNPB\">https:\/\/open.spotify.com\/episode\/1LVgpXVW5gkpiwgKOyRNPB<\/a><\/td><td class=\"has-text-align-center\" data-align=\"center\">11.43%<\/td><td class=\"has-text-align-center\" data-align=\"center\">S\u00cd<\/td><\/tr><tr><td>Haciendo el sueco<\/td><td class=\"has-text-align-center\" data-align=\"center\"><img decoding=\"async\" loading=\"lazy\" width=\"256\" height=\"256\" class=\"wp-image-1519\" style=\"width: 120px;\" src=\"https:\/\/premios.asociacionpodcast.es\/wp-content\/uploads\/2025\/09\/haciendo_el_sueco.jpg\" alt=\"\" srcset=\"https:\/\/premios.asociacionpodcast.es\/wp-content\/uploads\/2025\/09\/haciendo_el_sueco.jpg 256w, https:\/\/premios.asociacionpodcast.es\/wp-content\/uploads\/2025\/09\/haciendo_el_sueco-150x150.jpg 150w\" sizes=\"(max-width: 256px) 100vw, 256px\" \/><\/td><td>Haciendo el Sueco es un podcast multitem\u00e1tico donde comparto reportajes, reflexiones y exploraciones sobre temas que considero relevantes. Es un espacio donde abordo cuestiones sociales, culturales y humanas con profundidad y sentido cr\u00edtico. Desde la migraci\u00f3n hasta la salud mental, pasando por tecnolog\u00eda, historia y gastronom\u00eda, cada episodio es una ventana a ideas y realidades que merecen ser contadas. Un caj\u00f3n de sastre, s\u00ed, pero con prop\u00f3sito.<\/td><td><a href=\"https:\/\/podcast.danielaragay.net\/@haciendoelsueco\/episodes\/suecia-suena-los-10-artistas-suecos-mas-vendidos-de-la-historia\">https:\/\/podcast.danielaragay.net\/@haciendoelsueco\/episodes\/suecia-suena-los-10-artistas-suecos-mas-vendidos-de-la-historia<\/a><\/td><td class=\"has-text-align-center\" data-align=\"center\">11.43%<\/td><td class=\"has-text-align-center\" data-align=\"center\">SI<\/td><\/tr><tr><td>Humil\u00edas<\/td><td class=\"has-text-align-center\" data-align=\"center\"><img decoding=\"async\" loading=\"lazy\" width=\"300\" height=\"300\" class=\"wp-image-1442\" style=\"width: 120px;\" src=\"https:\/\/premios.asociacionpodcast.es\/wp-content\/uploads\/2025\/09\/humilias.jpg\" alt=\"\" srcset=\"https:\/\/premios.asociacionpodcast.es\/wp-content\/uploads\/2025\/09\/humilias.jpg 300w, https:\/\/premios.asociacionpodcast.es\/wp-content\/uploads\/2025\/09\/humilias-150x150.jpg 150w\" sizes=\"(max-width: 300px) 100vw, 300px\" \/><\/td><td>Humil\u00edas son esas reflexiones y debates internos que no caben en ning\u00fan otro podcast pero que creo que tienes derecho a escuchar. Humil\u00edas es la excusa para reflexionar y hacerte reflexionar y que t\u00fa me hagas reflexionar a m\u00ed porque eso es lo que me gustar\u00eda. Humil\u00edas es otro podcast de la red ManchaPod.<\/td><td><a href=\"https:\/\/pod.link\/aHR0cHM6Ly93d3cuc3ByZWFrZXIuY29tL3Nob3cvNjY4NDk4NS9lcGlzb2Rlcy9mZWVk\/episode\/aHR0cHM6Ly9hcGkuc3ByZWFrZXIuY29tL2VwaXNvZGUvNjc0MDEwOTQ\">https:\/\/pod.link\/aHR0cHM6Ly93d3cuc3ByZWFrZXIuY29tL3Nob3cvNjY4NDk4NS9lcGlzb2Rlcy9mZWVk\/episode\/aHR0cHM6Ly9hcGkuc3ByZWFrZXIuY29tL2VwaXNvZGUvNjc0MDEwOTQ<\/a><\/td><td class=\"has-text-align-center\" data-align=\"center\">6.67%<\/td><td class=\"has-text-align-center\" data-align=\"center\">S\u00cd<\/td><\/tr><\/tbody><\/table><\/figure>\n\n\n\n<h3 class=\"wp-block-heading\"><strong><strong>Cultura y Ciencia<\/strong><\/strong><\/h3>\n\n\n\n<p>Podcasts dedicados a la exploraci\u00f3n cient\u00edfica, divulgaci\u00f3n cultural y educaci\u00f3n. Incluye programas sobre literatura, arte, idiomas, historia y todas las ramas de la ciencia, desde la astrof\u00edsica hasta la zoolog\u00eda, con el fin de educar y entretener a la audiencia.<\/p>\n\n\n\n<hr class=\"wp-block-separator has-alpha-channel-opacity\"\/>\n\n\n\n<figure class=\"wp-block-table is-style-stripes\"><table class=\"has-fixed-layout\"><tbody><tr><td>PODCAST<\/td><td class=\"has-text-align-center\" data-align=\"center\">IMAGEN DEL PODCAST<\/td><td>DESCRIPCI\u00d3N<\/td><td>EPISODIO<\/td><td class=\"has-text-align-center\" data-align=\"center\">VOTOS EN %<\/td><td class=\"has-text-align-center\" data-align=\"center\">PERSONAS SOCIAS<\/td><\/tr><tr><td>Bar Bedel<\/td><td class=\"has-text-align-center\" data-align=\"center\"><img decoding=\"async\" loading=\"lazy\" width=\"300\" height=\"300\" class=\"wp-image-1433\" style=\"width: 120px;\" src=\"https:\/\/premios.asociacionpodcast.es\/wp-content\/uploads\/2025\/09\/bar_bedel.jpg\" alt=\"\" srcset=\"https:\/\/premios.asociacionpodcast.es\/wp-content\/uploads\/2025\/09\/bar_bedel.jpg 300w, https:\/\/premios.asociacionpodcast.es\/wp-content\/uploads\/2025\/09\/bar_bedel-150x150.jpg 150w\" sizes=\"(max-width: 300px) 100vw, 300px\" \/><\/td><td>El Bar Bedel es vuestro establecimiento de confianza en formato podcast. Ponemos copas, pinchamos buena m\u00fasica y el camarero Jeanbedel y sus invitados charlan con los clientes VIP en directo. Todos los s\u00e1bados por la noche en Telegram. Est\u00e1is invitad@s!<\/td><td><a href=\"https:\/\/go.ivoox.com\/rf\/143619881\">https:\/\/go.ivoox.com\/rf\/143619881<\/a><\/td><td class=\"has-text-align-center\" data-align=\"center\">23.62%<\/td><td class=\"has-text-align-center\" data-align=\"center\">NO<\/td><\/tr><tr><td>Episodios Bipolares<\/td><td class=\"has-text-align-center\" data-align=\"center\"><img decoding=\"async\" loading=\"lazy\" width=\"900\" height=\"900\" class=\"wp-image-1498\" style=\"width: 120px;\" src=\"https:\/\/premios.asociacionpodcast.es\/wp-content\/uploads\/2025\/09\/episodios_bipolares.jpg\" alt=\"\" srcset=\"https:\/\/premios.asociacionpodcast.es\/wp-content\/uploads\/2025\/09\/episodios_bipolares.jpg 900w, https:\/\/premios.asociacionpodcast.es\/wp-content\/uploads\/2025\/09\/episodios_bipolares-300x300.jpg 300w, https:\/\/premios.asociacionpodcast.es\/wp-content\/uploads\/2025\/09\/episodios_bipolares-150x150.jpg 150w, https:\/\/premios.asociacionpodcast.es\/wp-content\/uploads\/2025\/09\/episodios_bipolares-768x768.jpg 768w\" sizes=\"(max-width: 900px) 100vw, 900px\" \/><\/td><td>Podcast donde hablamos de Salud Mental sin juicio. Entrevistamos a personas con alg\u00fan tipo de vivencia o profesionales del sector.<\/td><td><a href=\"https:\/\/www.youtube.com\/watch?v=GuALASF3jc4&amp;t=3s\" target=\"_blank\" rel=\"noreferrer noopener\">https:\/\/www.youtube.com\/watch?v=GuALASF3jc4&amp;t=3s<\/a><\/td><td class=\"has-text-align-center\" data-align=\"center\">14.96%<\/td><td class=\"has-text-align-center\" data-align=\"center\">NO<\/td><\/tr><tr><td>Cu\u00e9ntame, Hermosura<\/td><td class=\"has-text-align-center\" data-align=\"center\"><img decoding=\"async\" loading=\"lazy\" width=\"300\" height=\"300\" class=\"wp-image-1439\" style=\"width: 120px;\" src=\"https:\/\/premios.asociacionpodcast.es\/wp-content\/uploads\/2025\/09\/cuentame_hermosura.jpg\" alt=\"\" srcset=\"https:\/\/premios.asociacionpodcast.es\/wp-content\/uploads\/2025\/09\/cuentame_hermosura.jpg 300w, https:\/\/premios.asociacionpodcast.es\/wp-content\/uploads\/2025\/09\/cuentame_hermosura-150x150.jpg 150w\" sizes=\"(max-width: 300px) 100vw, 300px\" \/><\/td><td>\u00abCu\u00e9ntame, Hermosura\u00bb. Otro Podcast con un Poco de Todo. Un podcast en castellano en el que en cada episodio o yo o mis invitados os contaremos algo interesante de manera lo m\u00e1s amena posible. Doblaje, Mike Oldfield, Podcasting, Roma, Guitarras, Historia, Guiones de Cine, Ciencia, Genes, Medicina, Transplantes, Cerveza, Nutrici\u00f3n, Diet\u00e9tica, Cultura, Ense\u00f1anza, Psicolog\u00eda, Capitalismo y Cooperativismo, Carnaval,\u2026<\/td><td><a href=\"https:\/\/pod.link\/1539370346\/episode\/aHR0cHM6Ly9hcGkuc3ByZWFrZXIuY29tL2VwaXNvZGUvNjIzNjI2NTQ\" target=\"_blank\" rel=\"noreferrer noopener\">https:\/\/pod.link\/1539370346\/episode\/aHR0cHM6Ly9hcGkuc3ByZWFrZXIuY29tL2VwaXNvZGUvNjIzNjI2NTQ<\/a><\/td><td class=\"has-text-align-center\" data-align=\"center\">11.02%<\/td><td class=\"has-text-align-center\" data-align=\"center\">S\u00cd<\/td><\/tr><tr><td>Historias de Melk<\/td><td class=\"has-text-align-center\" data-align=\"center\"><img decoding=\"async\" loading=\"lazy\" width=\"300\" height=\"300\" class=\"wp-image-1296\" style=\"width: 120px;\" src=\"https:\/\/premios.asociacionpodcast.es\/wp-content\/uploads\/2025\/08\/historias_de_melk.jpeg\" alt=\"\" srcset=\"https:\/\/premios.asociacionpodcast.es\/wp-content\/uploads\/2025\/08\/historias_de_melk.jpeg 300w, https:\/\/premios.asociacionpodcast.es\/wp-content\/uploads\/2025\/08\/historias_de_melk-150x150.jpeg 150w\" sizes=\"(max-width: 300px) 100vw, 300px\" \/><\/td><td>Podcast de historia,desde un punto de vista humanista.<\/td><td><a rel=\"noreferrer noopener\" href=\"https:\/\/www.ivoox.com\/16-carlos-el-chacal-audios-mp3_rf_138539816_1.html\" target=\"_blank\">https:\/\/www.ivoox.com\/16-carlos-el-chacal-audios-mp3_rf_138539816_1.html<\/a><\/td><td class=\"has-text-align-center\" data-align=\"center\">10.24%<\/td><td class=\"has-text-align-center\" data-align=\"center\">NO<\/td><\/tr><tr><td>El laberinto de minotaurovk<\/td><td class=\"has-text-align-center\" data-align=\"center\"><img decoding=\"async\" loading=\"lazy\" width=\"2048\" height=\"2048\" class=\"wp-image-1430\" style=\"width: 120px;\" src=\"https:\/\/premios.asociacionpodcast.es\/wp-content\/uploads\/2025\/09\/el_laberinto_del_minotaurovk.jpeg\" alt=\"\" srcset=\"https:\/\/premios.asociacionpodcast.es\/wp-content\/uploads\/2025\/09\/el_laberinto_del_minotaurovk.jpeg 2048w, https:\/\/premios.asociacionpodcast.es\/wp-content\/uploads\/2025\/09\/el_laberinto_del_minotaurovk-300x300.jpeg 300w, https:\/\/premios.asociacionpodcast.es\/wp-content\/uploads\/2025\/09\/el_laberinto_del_minotaurovk-1024x1024.jpeg 1024w, https:\/\/premios.asociacionpodcast.es\/wp-content\/uploads\/2025\/09\/el_laberinto_del_minotaurovk-150x150.jpeg 150w, https:\/\/premios.asociacionpodcast.es\/wp-content\/uploads\/2025\/09\/el_laberinto_del_minotaurovk-768x768.jpeg 768w, https:\/\/premios.asociacionpodcast.es\/wp-content\/uploads\/2025\/09\/el_laberinto_del_minotaurovk-1536x1536.jpeg 1536w\" sizes=\"(max-width: 2048px) 100vw, 2048px\" \/><\/td><td>Un podcast diario en el que cada d\u00eda hablo de un tema variado, Historia, lucha libre, accesibilidad, temas varios como reflexiones, cultura retro , series y peliculas y experiencias que vivo en primera persona.<\/td><td><a href=\"https:\/\/www.ivoox.com\/capitulo-424-el-caso-cipriano-martos-audios-mp3_rf_143227294_1.html\">https:\/\/www.ivoox.com\/capitulo-424-el-caso-cipriano-martos-audios-mp3_rf_143227294_1.html<\/a><br><\/td><td class=\"has-text-align-center\" data-align=\"center\">7.87%<\/td><td class=\"has-text-align-center\" data-align=\"center\">S\u00cd<\/td><\/tr><\/tbody><\/table><\/figure>\n\n\n\n<h3 class=\"wp-block-heading\"><strong><strong>Ficci\u00f3n sonora \/ Audiorelatos<\/strong><\/strong><\/h3>\n\n\n\n<p>Podcasts que ofrecen relatos dramatizados, ficticios y no ficticios. Los radioteatros, las series de ficci\u00f3n, los cuentos originales y las adaptaciones literarias forman parte de este formato, que crea experiencias auditivas inmersivas.<\/p>\n\n\n\n<hr class=\"wp-block-separator has-alpha-channel-opacity\"\/>\n\n\n\n<figure class=\"wp-block-table is-style-stripes\"><table class=\"has-fixed-layout\"><tbody><tr><td>PODCAST<\/td><td class=\"has-text-align-center\" data-align=\"center\">IMAGEN DEL PODCAST<\/td><td>DESCRIPCI\u00d3N<\/td><td>EPISODIO<\/td><td class=\"has-text-align-center\" data-align=\"center\">VOTOS EN %<\/td><td class=\"has-text-align-center\" data-align=\"center\">PERSONAS SOCIAS<\/td><\/tr><tr><td>Verso a verso<\/td><td class=\"has-text-align-center\" data-align=\"center\"><img decoding=\"async\" loading=\"lazy\" width=\"175\" height=\"175\" class=\"wp-image-1329\" style=\"width: 120px;\" src=\"https:\/\/premios.asociacionpodcast.es\/wp-content\/uploads\/2025\/08\/verso_a_verso.jpg\" alt=\"\" srcset=\"https:\/\/premios.asociacionpodcast.es\/wp-content\/uploads\/2025\/08\/verso_a_verso.jpg 175w, https:\/\/premios.asociacionpodcast.es\/wp-content\/uploads\/2025\/08\/verso_a_verso-150x150.jpg 150w\" sizes=\"(max-width: 175px) 100vw, 175px\" \/><\/td><td>Mis versos en audio, con un toque musical donde escuchar es un viaje al interior de otro Mundo\u2026<\/td><td><a rel=\"noreferrer noopener\" href=\"https:\/\/go.ivoox.com\/rf\/146044834\" target=\"_blank\">https:\/\/go.ivoox.com\/rf\/146044834<\/a><br><\/td><td class=\"has-text-align-center\" data-align=\"center\">46.43%<\/td><td class=\"has-text-align-center\" data-align=\"center\">NO<\/td><\/tr><tr><td>Cr\u00f3nica Delirio<\/td><td class=\"has-text-align-center\" data-align=\"center\"><img decoding=\"async\" loading=\"lazy\" width=\"1120\" height=\"1120\" class=\"wp-image-1501\" style=\"width: 120px;\" src=\"https:\/\/premios.asociacionpodcast.es\/wp-content\/uploads\/2025\/09\/cronica_delirio.png\" alt=\"\" srcset=\"https:\/\/premios.asociacionpodcast.es\/wp-content\/uploads\/2025\/09\/cronica_delirio.png 1120w, https:\/\/premios.asociacionpodcast.es\/wp-content\/uploads\/2025\/09\/cronica_delirio-300x300.png 300w, https:\/\/premios.asociacionpodcast.es\/wp-content\/uploads\/2025\/09\/cronica_delirio-1024x1024.png 1024w, https:\/\/premios.asociacionpodcast.es\/wp-content\/uploads\/2025\/09\/cronica_delirio-150x150.png 150w, https:\/\/premios.asociacionpodcast.es\/wp-content\/uploads\/2025\/09\/cronica_delirio-768x768.png 768w\" sizes=\"(max-width: 1120px) 100vw, 1120px\" \/><\/td><td>Cr\u00f3nica Delirio es un viaje sonoro al coraz\u00f3n de lo perturbador. Un podcast que mezcla rigor, misterio y narrativa cinematogr\u00e1fica para explorar las historias m\u00e1s inquietantes de nuestro pasado y presente.<br>No buscamos solo contar hechos. Buscamos dejar huella en la mente del oyente, abrir preguntas que incomodan y despertar esa sensaci\u00f3n de que, tras cada relato, hay algo m\u00e1s oculto\u2026 algo que a\u00fan no comprendemos del todo.<\/td><td><a href=\"https:\/\/go.ivoox.com\/rf\/158369930\" target=\"_blank\" rel=\"noreferrer noopener\">https:\/\/go.ivoox.com\/rf\/158369930<\/a><\/td><td class=\"has-text-align-center\" data-align=\"center\">25%<\/td><td class=\"has-text-align-center\" data-align=\"center\">NO<\/td><\/tr><tr><td>Radio teatro de Sin Fronteras<\/td><td class=\"has-text-align-center\" data-align=\"center\"><img decoding=\"async\" loading=\"lazy\" width=\"1024\" height=\"1024\" class=\"wp-image-1367\" style=\"width: 120px;\" src=\"https:\/\/premios.asociacionpodcast.es\/wp-content\/uploads\/2025\/09\/radio_teatro_de_sin_fronteras-1.jpg\" alt=\"\" srcset=\"https:\/\/premios.asociacionpodcast.es\/wp-content\/uploads\/2025\/09\/radio_teatro_de_sin_fronteras-1.jpg 1024w, https:\/\/premios.asociacionpodcast.es\/wp-content\/uploads\/2025\/09\/radio_teatro_de_sin_fronteras-1-300x300.jpg 300w, https:\/\/premios.asociacionpodcast.es\/wp-content\/uploads\/2025\/09\/radio_teatro_de_sin_fronteras-1-150x150.jpg 150w, https:\/\/premios.asociacionpodcast.es\/wp-content\/uploads\/2025\/09\/radio_teatro_de_sin_fronteras-1-768x768.jpg 768w\" sizes=\"(max-width: 1024px) 100vw, 1024px\" \/><\/td><td>Entre sombras y luces, donde las historias trascienden el tiempo y el espacio, nace Radio Teatros Sin Fronteras. Un escenario sin l\u00edmites, un eco de voces que viajan m\u00e1s all\u00e1 de lo visible. La palabra se convierte en arte, el sonido en emoci\u00f3n, y el misterio en magia.<\/td><td><a href=\"https:\/\/go.ivoox.com\/rf\/133256626\">https:\/\/go.ivoox.com\/rf\/133256626<\/a><\/td><td class=\"has-text-align-center\" data-align=\"center\">16.07%<\/td><td class=\"has-text-align-center\" data-align=\"center\">NO<\/td><\/tr><tr><td>Relatos cortos de Sin fronteras<\/td><td class=\"has-text-align-center\" data-align=\"center\"><img decoding=\"async\" loading=\"lazy\" width=\"1024\" height=\"1024\" class=\"wp-image-1335\" style=\"width: 120px;\" src=\"https:\/\/premios.asociacionpodcast.es\/wp-content\/uploads\/2025\/08\/relatos_sin_fronteras.png\" alt=\"\" srcset=\"https:\/\/premios.asociacionpodcast.es\/wp-content\/uploads\/2025\/08\/relatos_sin_fronteras.png 1024w, https:\/\/premios.asociacionpodcast.es\/wp-content\/uploads\/2025\/08\/relatos_sin_fronteras-300x300.png 300w, https:\/\/premios.asociacionpodcast.es\/wp-content\/uploads\/2025\/08\/relatos_sin_fronteras-150x150.png 150w, https:\/\/premios.asociacionpodcast.es\/wp-content\/uploads\/2025\/08\/relatos_sin_fronteras-768x768.png 768w\" sizes=\"(max-width: 1024px) 100vw, 1024px\" \/><\/td><td>Nos gusta contar historias y escucharlas , cuentos para sonre\u00edr ,temblar ,emocionar y viajar dentro de otras vidas que por unos instantes son nuestras tambi\u00e9n, relatos de Sin fronteras es tu imaginaci\u00f3n en formato sonoro donde pod\u00e9is formar parte de mi universo escrito para susurrarte al o\u00eddo.<\/td><td><a rel=\"noreferrer noopener\" href=\"https:\/\/go.ivoox.com\/rf\/136286636\" target=\"_blank\">https:\/\/go.ivoox.com\/rf\/136286636<\/a><\/td><td class=\"has-text-align-center\" data-align=\"center\">12.50%<\/td><td class=\"has-text-align-center\" data-align=\"center\">NO<\/td><\/tr><\/tbody><\/table><\/figure>\n\n\n\n<h3 class=\"wp-block-heading\"><strong><strong>Humor y Comedia<\/strong><\/strong><\/h3>\n\n\n\n<p>Podcasts creados para hacer re\u00edr y entretener a la audiencia a trav\u00e9s de sketches, mon\u00f3logos, entrevistas humor\u00edsticas y parodias. Este g\u00e9nero abarca desde el humor absurdo hasta el <em>standup commedy<\/em>, improvisaci\u00f3n y crowdwork.<\/p>\n\n\n\n<hr class=\"wp-block-separator has-alpha-channel-opacity\"\/>\n\n\n\n<figure class=\"wp-block-table is-style-stripes\"><table class=\"has-fixed-layout\"><tbody><tr><td>PODCAST<\/td><td class=\"has-text-align-center\" data-align=\"center\">IMAGEN DEL PODCAST<\/td><td>DESCRIPCI\u00d3N  DEL PODCAST<\/td><td>EPISODIO<\/td><td class=\"has-text-align-center\" data-align=\"center\">VOTOS EN %<\/td><td class=\"has-text-align-center\" data-align=\"center\">PERSONAS SOCIAS<\/td><\/tr><tr><td>Puede Ser Una Charla M\u00e1s<\/td><td class=\"has-text-align-center\" data-align=\"center\"><img decoding=\"async\" loading=\"lazy\" width=\"1600\" height=\"1600\" class=\"wp-image-1308\" style=\"width: 120px;\" src=\"https:\/\/premios.asociacionpodcast.es\/wp-content\/uploads\/2025\/08\/puede_ser_una_charla_mas.jpg\" alt=\"\" srcset=\"https:\/\/premios.asociacionpodcast.es\/wp-content\/uploads\/2025\/08\/puede_ser_una_charla_mas.jpg 1600w, https:\/\/premios.asociacionpodcast.es\/wp-content\/uploads\/2025\/08\/puede_ser_una_charla_mas-300x300.jpg 300w, https:\/\/premios.asociacionpodcast.es\/wp-content\/uploads\/2025\/08\/puede_ser_una_charla_mas-1024x1024.jpg 1024w, https:\/\/premios.asociacionpodcast.es\/wp-content\/uploads\/2025\/08\/puede_ser_una_charla_mas-150x150.jpg 150w, https:\/\/premios.asociacionpodcast.es\/wp-content\/uploads\/2025\/08\/puede_ser_una_charla_mas-768x768.jpg 768w, https:\/\/premios.asociacionpodcast.es\/wp-content\/uploads\/2025\/08\/puede_ser_una_charla_mas-1536x1536.jpg 1536w\" sizes=\"(max-width: 1600px) 100vw, 1600px\" \/><\/td><td>Podcast mutante en el que hacemos mucho m\u00e1s que charlar de pel\u00edculas (de cualquier \u00e9poca y calidad), series, videojuegos, c\u00f3mics, m\u00fasica y en definitiva de cualquier tema de corte cultural que nos apetezca, tambi\u00e9n hacemos programas de Improvisaci\u00f3n en el que trataremos de sacarte un sonrisa, charlaremos de viajes o haremos metapodcasting ya sea recomendando a otros y otras podcasters, ya sea con charlas con compa\u00f1eros y compa\u00f1eras a las que admiramos\u2026 Y mucho m\u00e1s.<\/td><td><a rel=\"noreferrer noopener\" href=\"https:\/\/www.ivoox.com\/ps1c-5x13-anonimos-bizarros-tomas-turbado-audios-mp3_rf_136463585_1.html\" target=\"_blank\">https:\/\/www.ivoox.com\/ps1c-5\u00d713-anonimos-bizarros-tomas-turbado-audios-mp3_rf_136463585_1.html<\/a><\/td><td class=\"has-text-align-center\" data-align=\"center\">67.24%<\/td><td class=\"has-text-align-center\" data-align=\"center\">S\u00cd<\/td><\/tr><tr><td>Nos han fu\u00f1igao<\/td><td class=\"has-text-align-center\" data-align=\"center\"><img decoding=\"async\" loading=\"lazy\" width=\"300\" height=\"300\" class=\"wp-image-1338\" style=\"width: 120px;\" src=\"https:\/\/premios.asociacionpodcast.es\/wp-content\/uploads\/2025\/08\/nos_han_funigao.jpeg\" alt=\"\" srcset=\"https:\/\/premios.asociacionpodcast.es\/wp-content\/uploads\/2025\/08\/nos_han_funigao.jpeg 300w, https:\/\/premios.asociacionpodcast.es\/wp-content\/uploads\/2025\/08\/nos_han_funigao-150x150.jpeg 150w\" sizes=\"(max-width: 300px) 100vw, 300px\" \/><\/td><td>Humor postpandemico<\/td><td><a rel=\"noreferrer noopener\" href=\"https:\/\/www.ivoox.com\/acampadas-audios-mp3_rf_143480966_1.html\" target=\"_blank\">https:\/\/www.ivoox.com\/acampadas-audios-mp3_rf_143480966_1.html<\/a><\/td><td class=\"has-text-align-center\" data-align=\"center\">18.97%<\/td><td class=\"has-text-align-center\" data-align=\"center\">S\u00cd<\/td><\/tr><tr><td>Los Danko<\/td><td class=\"has-text-align-center\" data-align=\"center\"><img decoding=\"async\" loading=\"lazy\" width=\"1280\" height=\"1280\" class=\"wp-image-1462\" style=\"width: 120px;\" src=\"https:\/\/premios.asociacionpodcast.es\/wp-content\/uploads\/2025\/09\/los_danko.jpg\" alt=\"\" srcset=\"https:\/\/premios.asociacionpodcast.es\/wp-content\/uploads\/2025\/09\/los_danko.jpg 1280w, https:\/\/premios.asociacionpodcast.es\/wp-content\/uploads\/2025\/09\/los_danko-300x300.jpg 300w, https:\/\/premios.asociacionpodcast.es\/wp-content\/uploads\/2025\/09\/los_danko-1024x1024.jpg 1024w, https:\/\/premios.asociacionpodcast.es\/wp-content\/uploads\/2025\/09\/los_danko-150x150.jpg 150w, https:\/\/premios.asociacionpodcast.es\/wp-content\/uploads\/2025\/09\/los_danko-768x768.jpg 768w\" sizes=\"(max-width: 1280px) 100vw, 1280px\" \/><\/td><td>El Pelos y Sam Danko te traen una visi\u00f3n alternativa y desenfadada de la realidad, episodios divertidos e inesperados sobre lo actual, lo humano, y lo divino en donde sus oyentes son el m\u00fasculo de un programa interactivo en donde se sabe c\u00f3mo se empieza pero nunca c\u00f3mo se acaba.<br>Un show alternativo y \u00fanico, no vinculado a ning\u00fan ente medi\u00e1tico, libre de censuras y tab\u00fas\u2026<br>Desde 2008 innovando, con un humor muy particular e inimitable, han traspasado las barreras del podcasting en numerosas ocasiones a trav\u00e9s de actuaciones, directos, emisoras de radio como Ona Sants o ScannerFM, \u2026\u00a1e incluso se han atrevido a destripar v\u00eddeos musicales en MTV Espa\u00f1a! M\u00e1s de 2 millones de descargas de sus programas, n\u00famero 1 en Itunes, Trending topic en Twitter o premios nacionales de Podcasting atesoran un estilo inconfundible que engancha desde el primer minuto. Nancys Rubias, Arkano, Eva Santolaria, Toteking, Santi Camacho o Rafael Amargo son solo algunos de los entrevistados que han sucumbido a las preguntas humanas e irreverentes de Los Danko\u2026 Donde otros no llegan, Los Danko se pasan.<br>http:\/\/losdanko.com\/<\/td><td><a href=\"https:\/\/www.ivoox.com\/danko-16x02-nuestros-anos-80-audios-mp3_rf_118246916_1.html\">https:\/\/www.ivoox.com\/danko-16\u00d702-nuestros-anos-80-audios-mp3_rf_118246916_1.html<\/a><\/td><td class=\"has-text-align-center\" data-align=\"center\">12.07%<\/td><td class=\"has-text-align-center\" data-align=\"center\">NO<\/td><\/tr><tr><td>El arte del fracaso<\/td><td class=\"has-text-align-center\" data-align=\"center\"><img decoding=\"async\" loading=\"lazy\" width=\"3172\" height=\"2719\" class=\"wp-image-1412\" style=\"width: 120px;\" src=\"https:\/\/premios.asociacionpodcast.es\/wp-content\/uploads\/2025\/09\/el_arte_del_fracaso.png\" alt=\"\" srcset=\"https:\/\/premios.asociacionpodcast.es\/wp-content\/uploads\/2025\/09\/el_arte_del_fracaso.png 3172w, https:\/\/premios.asociacionpodcast.es\/wp-content\/uploads\/2025\/09\/el_arte_del_fracaso-300x257.png 300w, https:\/\/premios.asociacionpodcast.es\/wp-content\/uploads\/2025\/09\/el_arte_del_fracaso-1024x878.png 1024w, https:\/\/premios.asociacionpodcast.es\/wp-content\/uploads\/2025\/09\/el_arte_del_fracaso-768x658.png 768w, https:\/\/premios.asociacionpodcast.es\/wp-content\/uploads\/2025\/09\/el_arte_del_fracaso-1536x1317.png 1536w, https:\/\/premios.asociacionpodcast.es\/wp-content\/uploads\/2025\/09\/el_arte_del_fracaso-2048x1756.png 2048w\" sizes=\"(max-width: 3172px) 100vw, 3172px\" \/><\/td><td>El Arte del Fracaso es un espacio donde el humor, la vulnerabilidad y la honestidad se encuentran. Cada semana, Dan y Nerea exploran experiencias personales, tropiezos y momentos de aprendizaje que muchos prefieren ocultar. Entre risas, reflexiones y confesiones, el podcast convierte los errores y ca\u00eddas de la vida en historias humanas y cercanas que nos hacen re\u00edr, emocionar y, sobre todo, reflexionar.<br>Invitados de todos los \u00e1mbitos comparten sus propios fracasos, secretos y lecciones, demostrando que detr\u00e1s de cada ca\u00edda hay una oportunidad de crecimiento. Porque en este podcast, fracasar no solo es aceptable\u2026 es un arte.<\/td><td><a href=\"https:\/\/youtu.be\/7BuG1DZI4nc?si=yAw9bsTr7wIuuRMH\">https:\/\/youtu.be\/7BuG1DZI4nc?si=yAw9bsTr7wIuuRMH<\/a><br><\/td><td class=\"has-text-align-center\" data-align=\"center\">1.72%<\/td><td class=\"has-text-align-center\" data-align=\"center\">NO<\/td><\/tr><\/tbody><\/table><\/figure>\n\n\n\n<h3 class=\"wp-block-heading\"><strong><strong>Misterio y Cr\u00f3nica Negra y True Crime<\/strong><\/strong><\/h3>\n\n\n\n<p>Esta categor\u00eda queda desierta por no llegar al m\u00ednimo de podcast inscritos.<\/p>\n\n\n\n<p>Podcasts que exploran casos de <em>true crime<\/em>, fen\u00f3menos paranormales, investigaciones y misterios sin resolver. Este g\u00e9nero combina el suspense y las conspiraciones, ofreciendo narrativas sobre eventos oscuros y enigm\u00e1ticos.<\/p>\n\n\n\n<hr class=\"wp-block-separator has-alpha-channel-opacity\"\/>\n\n\n\n<h3 class=\"wp-block-heading\"><strong><strong>Ocio y Aficiones<\/strong><\/strong><\/h3>\n\n\n\n<p>Podcasts que se centran en el entretenimiento y las aficiones personales. Pueden abordar temas como contenido audiovisual (TV, series y cine), videojuegos, manualidades, coleccionismo, hobbies creativos, mascotas, viajes, gastronom\u00eda, juegos de mesa y cualquier otro tipo de actividad recreativa que sea del inter\u00e9s de una comunidad espec\u00edfica.<\/p>\n\n\n\n<hr class=\"wp-block-separator has-alpha-channel-opacity\"\/>\n\n\n\n<figure class=\"wp-block-table is-style-stripes\"><table class=\"has-fixed-layout\"><tbody><tr><td>PODCAST<\/td><td class=\"has-text-align-center\" data-align=\"center\">IMAGEN DEL PODCAST<\/td><td>DESCRIPCI\u00d3N<\/td><td>EPISODIO<\/td><td class=\"has-text-align-center\" data-align=\"center\">VOTOS EN %<\/td><td class=\"has-text-align-center\" data-align=\"center\">PERSONAS SOCIAS<\/td><\/tr><tr><td>Ukelele Tromb\u00f3n<\/td><td class=\"has-text-align-center\" data-align=\"center\"><img decoding=\"async\" loading=\"lazy\" width=\"723\" height=\"723\" class=\"wp-image-1288\" style=\"width: 120px;\" src=\"https:\/\/premios.asociacionpodcast.es\/wp-content\/uploads\/2025\/08\/ukelele_trombon.jpeg\" alt=\"\" srcset=\"https:\/\/premios.asociacionpodcast.es\/wp-content\/uploads\/2025\/08\/ukelele_trombon.jpeg 723w, https:\/\/premios.asociacionpodcast.es\/wp-content\/uploads\/2025\/08\/ukelele_trombon-300x300.jpeg 300w, https:\/\/premios.asociacionpodcast.es\/wp-content\/uploads\/2025\/08\/ukelele_trombon-150x150.jpeg 150w\" sizes=\"(max-width: 723px) 100vw, 723px\" \/><\/td><td>Otro podcast de mierda sobre videojuegos<\/td><td><a rel=\"noreferrer noopener\" href=\"https:\/\/go.ivoox.com\/rf\/146684008\" target=\"_blank\">https:\/\/go.ivoox.com\/rf\/146684008<\/a><\/td><td class=\"has-text-align-center\" data-align=\"center\">31.82%<\/td><td class=\"has-text-align-center\" data-align=\"center\">S\u00cd<\/td><\/tr><tr><td>Popa\u00edna P\u00f3dcast<\/td><td class=\"has-text-align-center\" data-align=\"center\"><img decoding=\"async\" loading=\"lazy\" width=\"3000\" height=\"3000\" class=\"wp-image-1285\" style=\"width: 120px;\" src=\"https:\/\/premios.asociacionpodcast.es\/wp-content\/uploads\/2025\/08\/popaina_podcast.png\" alt=\"\" srcset=\"https:\/\/premios.asociacionpodcast.es\/wp-content\/uploads\/2025\/08\/popaina_podcast.png 3000w, https:\/\/premios.asociacionpodcast.es\/wp-content\/uploads\/2025\/08\/popaina_podcast-300x300.png 300w, https:\/\/premios.asociacionpodcast.es\/wp-content\/uploads\/2025\/08\/popaina_podcast-1024x1024.png 1024w, https:\/\/premios.asociacionpodcast.es\/wp-content\/uploads\/2025\/08\/popaina_podcast-150x150.png 150w, https:\/\/premios.asociacionpodcast.es\/wp-content\/uploads\/2025\/08\/popaina_podcast-768x768.png 768w, https:\/\/premios.asociacionpodcast.es\/wp-content\/uploads\/2025\/08\/popaina_podcast-1536x1536.png 1536w, https:\/\/premios.asociacionpodcast.es\/wp-content\/uploads\/2025\/08\/popaina_podcast-2048x2048.png 2048w\" sizes=\"(max-width: 3000px) 100vw, 3000px\" \/><\/td><td>Popa\u00edna P\u00f3dcast, el programa quincenal sobre cultura pop, perpetrado por Isma del Valle, Laura S\u00fa, Maitane P\u00e1ez y \u00c1lex Berlanga.<\/td><td><a rel=\"noreferrer noopener\" href=\"https:\/\/go.ivoox.com\/rf\/147798602\" target=\"_blank\">https:\/\/go.ivoox.com\/rf\/147798602<\/a><br><\/td><td class=\"has-text-align-center\" data-align=\"center\">25%<\/td><td class=\"has-text-align-center\" data-align=\"center\">S\u00cd<\/td><\/tr><tr><td>Strawberry Fields Beatles Podcast<\/td><td class=\"has-text-align-center\" data-align=\"center\"><img decoding=\"async\" loading=\"lazy\" width=\"1080\" height=\"1080\" class=\"wp-image-1375\" style=\"width: 120px;\" src=\"https:\/\/premios.asociacionpodcast.es\/wp-content\/uploads\/2025\/09\/strawberry_fields_radio_beatles.jpg\" alt=\"\" srcset=\"https:\/\/premios.asociacionpodcast.es\/wp-content\/uploads\/2025\/09\/strawberry_fields_radio_beatles.jpg 1080w, https:\/\/premios.asociacionpodcast.es\/wp-content\/uploads\/2025\/09\/strawberry_fields_radio_beatles-300x300.jpg 300w, https:\/\/premios.asociacionpodcast.es\/wp-content\/uploads\/2025\/09\/strawberry_fields_radio_beatles-1024x1024.jpg 1024w, https:\/\/premios.asociacionpodcast.es\/wp-content\/uploads\/2025\/09\/strawberry_fields_radio_beatles-150x150.jpg 150w, https:\/\/premios.asociacionpodcast.es\/wp-content\/uploads\/2025\/09\/strawberry_fields_radio_beatles-768x768.jpg 768w\" sizes=\"(max-width: 1080px) 100vw, 1080px\" \/><\/td><td>Bienvenidos a Strawberry Fields, el podcast que te sumerge en la historia de los Beatles como nunca antes la hab\u00edas escuchado.<br>Aqu\u00ed no hay mitos ni medias verdades: cada episodio es un viaje cronol\u00f3gico y documentado por la trayectoria de la banda m\u00e1s influyente del siglo XX. Desde los d\u00edas en Hamburgo hasta el \u00faltimo acorde en Abbey Road, exploraremos su m\u00fasica, su contexto, sus luces y sus sombras\u2026 con el rigor de un archivo y la pasi\u00f3n de un fan.<br>Prep\u00e1rate para revivir la revoluci\u00f3n musical que cambi\u00f3 el mundo, paso a paso, canci\u00f3n por canci\u00f3n. Esto es Strawberry Fields. Porque la historia de los Beatles merece ser contada como se debe.<\/td><td><a href=\"https:\/\/go.ivoox.com\/rf\/145291264\">https:\/\/go.ivoox.com\/rf\/145291264<\/a><br><\/td><td class=\"has-text-align-center\" data-align=\"center\">9.85%<\/td><td class=\"has-text-align-center\" data-align=\"center\">S\u00cd<\/td><\/tr><tr><td>Peskito y Medio: Tu Podcast Friki<\/td><td class=\"has-text-align-center\" data-align=\"center\"><img decoding=\"async\" loading=\"lazy\" width=\"300\" height=\"300\" class=\"wp-image-1369\" style=\"width: 120px;\" src=\"https:\/\/premios.asociacionpodcast.es\/wp-content\/uploads\/2025\/09\/peskito_y_medio.jpg\" alt=\"\" srcset=\"https:\/\/premios.asociacionpodcast.es\/wp-content\/uploads\/2025\/09\/peskito_y_medio.jpg 300w, https:\/\/premios.asociacionpodcast.es\/wp-content\/uploads\/2025\/09\/peskito_y_medio-150x150.jpg 150w\" sizes=\"(max-width: 300px) 100vw, 300px\" \/><\/td><td>Podcast buenrollero de un grupo de amig@s frikis que hablan de: novelas, series, comics, ciencia ficci\u00f3n, fantas\u00eda, juegos de mesa, doramas, bandas sonoras, rol, Marvel y DC, Star Wars y muchas cosas m\u00e1s.<\/td><td><a href=\"https:\/\/www.ivoox.com\/trivial-la-magia-del-musical-audios-mp3_rf_145332705_1.html\">https:\/\/www.ivoox.com\/trivial-la-magia-del-musical-audios-mp3_rf_145332705_1.html<\/a><\/td><td class=\"has-text-align-center\" data-align=\"center\">7.58%<\/td><td class=\"has-text-align-center\" data-align=\"center\">NO<\/td><\/tr><tr><td>Recursos de Cine<\/td><td class=\"has-text-align-center\" data-align=\"center\"><img decoding=\"async\" loading=\"lazy\" width=\"768\" height=\"768\" class=\"wp-image-1302\" style=\"width: 120px;\" src=\"https:\/\/premios.asociacionpodcast.es\/wp-content\/uploads\/2025\/08\/recursos_de_cine.jpg\" alt=\"\" srcset=\"https:\/\/premios.asociacionpodcast.es\/wp-content\/uploads\/2025\/08\/recursos_de_cine.jpg 768w, https:\/\/premios.asociacionpodcast.es\/wp-content\/uploads\/2025\/08\/recursos_de_cine-300x300.jpg 300w, https:\/\/premios.asociacionpodcast.es\/wp-content\/uploads\/2025\/08\/recursos_de_cine-150x150.jpg 150w\" sizes=\"(max-width: 768px) 100vw, 768px\" \/><\/td><td>\u00bfQuieres vacilar ante tu pareja, familiares y amigos sobre tus conocimientos de cine? \u00bfQuieres que te inviten a charlas cin\u00e9filas y no hacer el rid\u00edculo diciendo que un MacGuffin es tu men\u00fa favorito del McDonalds? \u00bfQuieres insultar como Carlos Boyero con conocimiento de causa? \u00bfQuieres enga\u00f1ar a un actor famoso con verborrea sobre planos, contraplanos y elipsis, simulando que eres un reputado director lituano de cine experimental, para que haga un cameo en el v\u00eddeo de la comuni\u00f3n de tu sobrino?<br>Pues con la ayuda de este podcast podr\u00e1s conseguirlo, y si no, quiz\u00e1s al menos te saco una sonrisa.<br>Soy Xavi Carn\u00e9, y te doy la bienvenida a RECURSOS DE CINE.<\/td><td><a rel=\"noreferrer noopener\" href=\"https:\/\/go.ivoox.com\/rf\/149052638\" target=\"_blank\">https:\/\/go.ivoox.com\/rf\/149052638<\/a><br><\/td><td class=\"has-text-align-center\" data-align=\"center\">6.82%<\/td><td class=\"has-text-align-center\" data-align=\"center\">NO<\/td><\/tr><\/tbody><\/table><\/figure>\n\n\n\n<h3 class=\"wp-block-heading\"><strong><strong>Salud y Deporte<\/strong><\/strong><\/h3>\n\n\n\n<p>Esta categor\u00eda queda desierta por no llegar al m\u00ednimo de podcast inscritos.<\/p>\n\n\n\n<p>Podcasts que tratan temas deportivos tanto en su pr\u00e1ctica como en su an\u00e1lisis, resultados y debates de cualquiera de sus modalidades. As\u00ed como ciencias de la salud y medicina, cuestiones directamente relacionadas. Este apartado incluye desde programas sobre bienestar f\u00edsico y mental hasta entrevistas con expertos y deportistas.<\/p>\n\n\n\n<hr class=\"wp-block-separator has-alpha-channel-opacity\"\/>\n\n\n\n<h3 class=\"wp-block-heading\"><strong><strong>Tecnolog\u00eda y Marketing<\/strong><\/strong><\/h3>\n\n\n\n<p>Podcasts que se centran en el entorno digital, software y dispositivos, <em>e-commerce y <\/em>RRSS. Incluyen an\u00e1lisis de tendencias tecnol\u00f3gicas, rese\u00f1as de productos, estrategias de marketing y consejos para emprendedores y profesionales del sector.<\/p>\n\n\n\n<hr class=\"wp-block-separator has-alpha-channel-opacity\"\/>\n\n\n\n<figure class=\"wp-block-table is-style-stripes\"><table class=\"has-fixed-layout\"><tbody><tr><td>PODCAST<\/td><td class=\"has-text-align-center\" data-align=\"center\">IMAGEN DEL PODCAST<\/td><td>DESCRIPCI\u00d3N<\/td><td>EPISODIO<\/td><td class=\"has-text-align-center\" data-align=\"center\">VOTOS EN %<\/td><td class=\"has-text-align-center\" data-align=\"center\">PERSONAS SOCIAS<\/td><\/tr><tr><td>Disperso<\/td><td class=\"has-text-align-center\" data-align=\"center\"><img decoding=\"async\" loading=\"lazy\" width=\"3000\" height=\"3000\" class=\"wp-image-1326\" style=\"width: 120px;\" src=\"https:\/\/premios.asociacionpodcast.es\/wp-content\/uploads\/2025\/08\/disperso.png\" alt=\"\" srcset=\"https:\/\/premios.asociacionpodcast.es\/wp-content\/uploads\/2025\/08\/disperso.png 3000w, https:\/\/premios.asociacionpodcast.es\/wp-content\/uploads\/2025\/08\/disperso-300x300.png 300w, https:\/\/premios.asociacionpodcast.es\/wp-content\/uploads\/2025\/08\/disperso-1024x1024.png 1024w, https:\/\/premios.asociacionpodcast.es\/wp-content\/uploads\/2025\/08\/disperso-150x150.png 150w, https:\/\/premios.asociacionpodcast.es\/wp-content\/uploads\/2025\/08\/disperso-768x768.png 768w, https:\/\/premios.asociacionpodcast.es\/wp-content\/uploads\/2025\/08\/disperso-1536x1536.png 1536w, https:\/\/premios.asociacionpodcast.es\/wp-content\/uploads\/2025\/08\/disperso-2048x2048.png 2048w\" sizes=\"(max-width: 3000px) 100vw, 3000px\" \/><\/td><td>Tecnolog\u00eda, cultura pop y alg\u00fan desvar\u00edo ocasional es lo que vas a poder encontrar aqu\u00ed.<\/td><td><a rel=\"noreferrer noopener\" href=\"https:\/\/disperso.tiempoescaso.com\/podcast\/s04e03\/\" target=\"_blank\">https:\/\/disperso.tiempoescaso.com\/podcast\/s04e03\/<\/a><br><\/td><td class=\"has-text-align-center\" data-align=\"center\">48.15%<\/td><td class=\"has-text-align-center\" data-align=\"center\">S\u00cd<\/td><\/tr><tr><td>Manzanas Enfrentadas<\/td><td class=\"has-text-align-center\" data-align=\"center\"><img decoding=\"async\" loading=\"lazy\" width=\"900\" height=\"900\" class=\"wp-image-1493\" style=\"width: 120px;\" src=\"https:\/\/premios.asociacionpodcast.es\/wp-content\/uploads\/2025\/09\/manzanas_enfrentadas.jpg\" alt=\"\" srcset=\"https:\/\/premios.asociacionpodcast.es\/wp-content\/uploads\/2025\/09\/manzanas_enfrentadas.jpg 900w, https:\/\/premios.asociacionpodcast.es\/wp-content\/uploads\/2025\/09\/manzanas_enfrentadas-300x300.jpg 300w, https:\/\/premios.asociacionpodcast.es\/wp-content\/uploads\/2025\/09\/manzanas_enfrentadas-150x150.jpg 150w, https:\/\/premios.asociacionpodcast.es\/wp-content\/uploads\/2025\/09\/manzanas_enfrentadas-768x768.jpg 768w\" sizes=\"(max-width: 900px) 100vw, 900px\" \/><\/td><td>Tecnolog\u00eda y actualidad de un modo diferente. Porque no todos vemos la actualidad del mismo modo.<\/td><td><a href=\"https:\/\/podcasts.apple.com\/es\/podcast\/me-271-calma-que-precede-a-la-tempestad-o-ser%C3%A1n\/id1521224456?i=1000712004595\">https:\/\/podcasts.apple.com\/es\/podcast\/me-271-calma-que-precede-a-la-tempestad-o-ser%C3%A1n\/id1521224456?i=1000712004595<\/a><\/td><td class=\"has-text-align-center\" data-align=\"center\">20.37%<\/td><td class=\"has-text-align-center\" data-align=\"center\">S\u00cd<\/td><\/tr><tr><td>PotenciaPro<\/td><td class=\"has-text-align-center\" data-align=\"center\"><img decoding=\"async\" loading=\"lazy\" width=\"600\" height=\"120\" class=\"wp-image-1305\" style=\"width: 120px;\" src=\"https:\/\/premios.asociacionpodcast.es\/wp-content\/uploads\/2025\/08\/potencia_pro.png\" alt=\"\" srcset=\"https:\/\/premios.asociacionpodcast.es\/wp-content\/uploads\/2025\/08\/potencia_pro.png 600w, https:\/\/premios.asociacionpodcast.es\/wp-content\/uploads\/2025\/08\/potencia_pro-300x60.png 300w\" sizes=\"(max-width: 600px) 100vw, 600px\" \/><\/td><td>Podcast semanal sobre WordPress y Bolet\u00edn semanal sobre WordPress. Tu referencia para potenciar tu WordPress.<\/td><td><a rel=\"noreferrer noopener\" href=\"https:\/\/potencia.pro\/158-el-retorno-de-juan-palomo\/\" target=\"_blank\">https:\/\/potencia.pro\/158-el-retorno-de-juan-palomo\/<\/a><br><\/td><td class=\"has-text-align-center\" data-align=\"center\">12.96%<\/td><td class=\"has-text-align-center\" data-align=\"center\">S\u00cd<\/td><\/tr><tr><td>Wintablet<\/td><td class=\"has-text-align-center\" data-align=\"center\"><img decoding=\"async\" loading=\"lazy\" width=\"397\" height=\"384\" class=\"wp-image-1388\" style=\"width: 120px;\" src=\"https:\/\/premios.asociacionpodcast.es\/wp-content\/uploads\/2025\/09\/wintablet.png\" alt=\"\" srcset=\"https:\/\/premios.asociacionpodcast.es\/wp-content\/uploads\/2025\/09\/wintablet.png 397w, https:\/\/premios.asociacionpodcast.es\/wp-content\/uploads\/2025\/09\/wintablet-300x290.png 300w\" sizes=\"(max-width: 397px) 100vw, 397px\" \/><\/td><td>Un grupo de maduros hablando de tecnolog\u00eda<\/td><td><a href=\"https:\/\/www.ivoox.com\/wintablet-cap-232-3-7-2025-audios-mp3_rf_151796912_1.html\">https:\/\/www.ivoox.com\/wintablet-cap-232-3-7-2025-audios-mp3_rf_151796912_1.html<\/a><\/td><td class=\"has-text-align-center\" data-align=\"center\">9.26%<\/td><td class=\"has-text-align-center\" data-align=\"center\">NO<\/td><\/tr><tr><td>el iPhone de Olivia<\/td><td class=\"has-text-align-center\" data-align=\"center\"><img decoding=\"async\" loading=\"lazy\" width=\"2560\" height=\"2560\" class=\"wp-image-1490\" style=\"width: 120px;\" src=\"https:\/\/premios.asociacionpodcast.es\/wp-content\/uploads\/2025\/09\/el_iphone_de_olivia-scaled.jpg\" alt=\"\" srcset=\"https:\/\/premios.asociacionpodcast.es\/wp-content\/uploads\/2025\/09\/el_iphone_de_olivia-scaled.jpg 2560w, https:\/\/premios.asociacionpodcast.es\/wp-content\/uploads\/2025\/09\/el_iphone_de_olivia-300x300.jpg 300w, https:\/\/premios.asociacionpodcast.es\/wp-content\/uploads\/2025\/09\/el_iphone_de_olivia-1024x1024.jpg 1024w, https:\/\/premios.asociacionpodcast.es\/wp-content\/uploads\/2025\/09\/el_iphone_de_olivia-150x150.jpg 150w, https:\/\/premios.asociacionpodcast.es\/wp-content\/uploads\/2025\/09\/el_iphone_de_olivia-768x768.jpg 768w, https:\/\/premios.asociacionpodcast.es\/wp-content\/uploads\/2025\/09\/el_iphone_de_olivia-1536x1536.jpg 1536w, https:\/\/premios.asociacionpodcast.es\/wp-content\/uploads\/2025\/09\/el_iphone_de_olivia-2048x2048.jpg 2048w\" sizes=\"(max-width: 2560px) 100vw, 2560px\" \/><\/td><td>Bienvenidos a mi podcast: El iPhone de Olivia<br>El lugar donde os cuento cositas de mi d\u00eda a d\u00eda con la tecnolog\u00eda, sobretodo con dispositivos de Apple pero tambi\u00e9n dejar\u00e9 paso a cositas guays que vaya descubriendo en el camino \ud83d\udcf1\ud83d\udcbb\u231a\ufe0f\ud83e\udd7d<br>Aqu\u00ed encontrar\u00e1s:<br>\u00b7 Trucos \ud83e\ude84<br>\u00b7 Organizaci\u00f3n \ud83d\udcf2<br>\u00b7 Productividad \ud83d\udcbb<br>\u00b7 Aplicaciones de todo tipo \ud83e\udd0d<br>y un poco de lifestyle \u2728<\/td><td><a href=\"https:\/\/spotifycreators-web.app.link\/e\/MGWvksSGJWb\" target=\"_blank\" rel=\"noreferrer noopener\">https:\/\/spotifycreators-web.app.link\/e\/MGWvksSGJWb<\/a><\/td><td class=\"has-text-align-center\" data-align=\"center\">9.26%<\/td><td class=\"has-text-align-center\" data-align=\"center\">NO<\/td><\/tr><\/tbody><\/table><\/figure>\n\n\n\n<h3 class=\"wp-block-heading\"><strong>Podcast Revelaci\u00f3n<\/strong><\/h3>\n\n\n\n<p>Programa de audio relativamente nuevo que ha sorprendido a la audiencia y a la cr\u00edtica por su alta calidad, contenido innovador, y su capacidad para captar r\u00e1pidamente la atenci\u00f3n.<\/p>\n\n\n\n<hr class=\"wp-block-separator has-alpha-channel-opacity\"\/>\n\n\n\n<figure class=\"wp-block-table is-style-stripes\"><table class=\"has-fixed-layout\" style=\"border-style:none;border-width:0px\"><tbody><tr><td>PODCAST<\/td><td class=\"has-text-align-center\" data-align=\"center\">IMAGEN DEL PODCAST<\/td><td>DESCRIPCI\u00d3N<\/td><td>EPISODIO<\/td><td class=\"has-text-align-center\" data-align=\"center\">VOTOS EN %<\/td><td class=\"has-text-align-center\" data-align=\"center\">PERSONAS SOCIAS<\/td><\/tr><tr><td>Ukelele Tromb\u00f3n<\/td><td class=\"has-text-align-center\" data-align=\"center\"><img decoding=\"async\" loading=\"lazy\" width=\"723\" height=\"723\" class=\"wp-image-1288\" style=\"width: 120px;\" src=\"https:\/\/premios.asociacionpodcast.es\/wp-content\/uploads\/2025\/08\/ukelele_trombon.jpeg\" alt=\"\" srcset=\"https:\/\/premios.asociacionpodcast.es\/wp-content\/uploads\/2025\/08\/ukelele_trombon.jpeg 723w, https:\/\/premios.asociacionpodcast.es\/wp-content\/uploads\/2025\/08\/ukelele_trombon-300x300.jpeg 300w, https:\/\/premios.asociacionpodcast.es\/wp-content\/uploads\/2025\/08\/ukelele_trombon-150x150.jpeg 150w\" sizes=\"(max-width: 723px) 100vw, 723px\" \/><\/td><td>Otro podcast de mierda sobre videojuegos<\/td><td><a href=\"https:\/\/go.ivoox.com\/rf\/146684008\" target=\"_blank\" rel=\"noreferrer noopener\">https:\/\/go.ivoox.com\/rf\/146684008<\/a><\/td><td class=\"has-text-align-center\" data-align=\"center\">50.51%<\/td><td class=\"has-text-align-center\" data-align=\"center\">NO<\/td><\/tr><tr><td>Nos han fu\u00f1igao<\/td><td class=\"has-text-align-center\" data-align=\"center\"><img decoding=\"async\" loading=\"lazy\" width=\"300\" height=\"300\" class=\"wp-image-1338\" style=\"width: 120px;\" src=\"https:\/\/premios.asociacionpodcast.es\/wp-content\/uploads\/2025\/08\/nos_han_funigao.jpeg\" alt=\"\" srcset=\"https:\/\/premios.asociacionpodcast.es\/wp-content\/uploads\/2025\/08\/nos_han_funigao.jpeg 300w, https:\/\/premios.asociacionpodcast.es\/wp-content\/uploads\/2025\/08\/nos_han_funigao-150x150.jpeg 150w\" sizes=\"(max-width: 300px) 100vw, 300px\" \/><\/td><td>Humor postpandemico<\/td><td><a rel=\"noreferrer noopener\" href=\"https:\/\/www.ivoox.com\/acampadas-audios-mp3_rf_143480966_1.html\" target=\"_blank\">https:\/\/www.ivoox.com\/acampadas-audios-mp3_rf_143480966_1.html<\/a><\/td><td class=\"has-text-align-center\" data-align=\"center\">15.15%<\/td><td class=\"has-text-align-center\" data-align=\"center\">S\u00cd<\/td><\/tr><tr><td>Noches Templarias<\/td><td class=\"has-text-align-center\" data-align=\"center\"><img decoding=\"async\" loading=\"lazy\" width=\"1024\" height=\"1024\" class=\"wp-image-1371\" style=\"width: 120px;\" src=\"https:\/\/premios.asociacionpodcast.es\/wp-content\/uploads\/2025\/09\/noches_templarias.png\" alt=\"\" srcset=\"https:\/\/premios.asociacionpodcast.es\/wp-content\/uploads\/2025\/09\/noches_templarias.png 1024w, https:\/\/premios.asociacionpodcast.es\/wp-content\/uploads\/2025\/09\/noches_templarias-300x300.png 300w, https:\/\/premios.asociacionpodcast.es\/wp-content\/uploads\/2025\/09\/noches_templarias-150x150.png 150w, https:\/\/premios.asociacionpodcast.es\/wp-content\/uploads\/2025\/09\/noches_templarias-768x768.png 768w\" sizes=\"(max-width: 1024px) 100vw, 1024px\" \/><\/td><td>Bienvenidos a Noches Templarias, un podcast donde el misterio, la historia y la leyenda se entrelazan bajo la luz de la luna.<br>En cada episodio, recorreremos el rastro de la Orden del Temple: desde sus or\u00edgenes en Tierra Santa hasta su tr\u00e1gica ca\u00edda en la hoguera. Descubriremos los secretos, las batallas, las intrigas pol\u00edticas y espirituales de los monjes guerreros m\u00e1s enigm\u00e1ticos de la Edad Media.<br>Con rigor hist\u00f3rico y un relato envolvente, abrimos las puertas de castillos olvidados, desenterramos manuscritos ocultos y seguimos las huellas de una hermandad que a\u00fan hoy sigue generando preguntas.<br>Ponte la capa, ci\u00f1e la espada. La noche es larga\u2026 y los templarios te esperan. Esto es Noches Templarias.<\/td><td><a href=\"https:\/\/go.ivoox.com\/rf\/144856302\">https:\/\/go.ivoox.com\/rf\/144856302<\/a><\/td><td class=\"has-text-align-center\" data-align=\"center\">9.09%<\/td><td class=\"has-text-align-center\" data-align=\"center\">S\u00cd<\/td><\/tr><tr><td>Viendo el Falla<\/td><td class=\"has-text-align-center\" data-align=\"center\"><img decoding=\"async\" loading=\"lazy\" width=\"300\" height=\"300\" class=\"wp-image-1445\" style=\"width: 120px;\" src=\"https:\/\/premios.asociacionpodcast.es\/wp-content\/uploads\/2025\/09\/viendo_el_falla.jpg\" alt=\"\" srcset=\"https:\/\/premios.asociacionpodcast.es\/wp-content\/uploads\/2025\/09\/viendo_el_falla.jpg 300w, https:\/\/premios.asociacionpodcast.es\/wp-content\/uploads\/2025\/09\/viendo_el_falla-150x150.jpg 150w\" sizes=\"(max-width: 300px) 100vw, 300px\" \/><\/td><td>En este podcast grabar\u00e9 a vuelapluma mis impresiones y opiniones de lo que se oye y se ve desde las tablas del Gran Teatro Falla, El Coliseo de Ladrillitos Coloraos, durante las sesiones de adultos de el COAC del Carnaval de C\u00e1diz. Este podcast pertenece a la red ManchaPod.<\/td><td><a href=\"https:\/\/pod.link\/1791835195\/episode\/aHR0cHM6Ly9hcGkuc3ByZWFrZXIuY29tL2VwaXNvZGUvNjQzODEwNTA\">https:\/\/pod.link\/1791835195\/episode\/aHR0cHM6Ly9hcGkuc3ByZWFrZXIuY29tL2VwaXNvZGUvNjQzODEwNTA<\/a><br><\/td><td class=\"has-text-align-center\" data-align=\"center\">6.06%<\/td><td class=\"has-text-align-center\" data-align=\"center\">S\u00cd<\/td><\/tr><tr><td>La Caja 198. Una historia rural de silencios<\/td><td class=\"has-text-align-center\" data-align=\"center\"><img decoding=\"async\" loading=\"lazy\" width=\"709\" height=\"709\" class=\"wp-image-1391\" style=\"width: 120px;\" src=\"https:\/\/premios.asociacionpodcast.es\/wp-content\/uploads\/2025\/09\/la_caja_198.jpg\" alt=\"\" srcset=\"https:\/\/premios.asociacionpodcast.es\/wp-content\/uploads\/2025\/09\/la_caja_198.jpg 709w, https:\/\/premios.asociacionpodcast.es\/wp-content\/uploads\/2025\/09\/la_caja_198-300x300.jpg 300w, https:\/\/premios.asociacionpodcast.es\/wp-content\/uploads\/2025\/09\/la_caja_198-150x150.jpg 150w\" sizes=\"(max-width: 709px) 100vw, 709px\" \/><\/td><td>Serie documental sonora (9 podcasts) que investiga los silencios relacionados con La Caja 198. Esta urna colectiva conten\u00eda los restos de los primeros represaliados franquistas identificados en Cuelgamuros, y entregados por el Estado a sus familias el pasado 20 de agosto de 2023. A d\u00eda de hoy, Cuelgamuros sigue siendo la mayor fosa com\u00fan de la guerra cvil espa\u00f1ola, con los restos (registrados) de cerca de 34.000 personas.<br>La Caja 198 estuvo 64 a\u00f1os en el antiguo Valle de los Ca\u00eddos con los huesos de 12 personas fusiladas en agosto del 1936 en dos pueblos de la regi\u00f3n abulense de La Mora\u00f1a: 5 jornaleros de Navalmoral de la Sierra, ejecutados en Fuente El Sa\u00faz, donde se encontraban segando; y 7 vecinos de Pajares de Adaja, miembros de La Casa del Pueblo, que fueron asesinados en la carretera de Ar\u00e9valo a Madrigal de las Altas Torres y arrojados a un pozo seco de Aldeaseca. En el pozo permanecieron con el total desconocimiento de sus familias hasta su exhumaci\u00f3n por orden de Franco en el a\u00f1o 59. Entre las v\u00edctimas se encontraba Valerico Canales, padre del conocido memorialista Fausto Canales.<br>Este documental est\u00e1 narrado en primer persona por su directora y guionista: la periodista Rosana S\u00e1ez Mu\u00f1oyerro, quien a sus casi 50 a\u00f1os no hab\u00eda o\u00eddo hablar nunca de esta historia pese a que su padre y abuelo son originarios de Aldeaseca. Desde que tuvo conocimiento de la misma, investiga el porqu\u00e9 de tantos silencios y si su familia paterna jug\u00f3 alg\u00fan papel en aquellos sucesos. Por su parte, el nonagenario e incansable Fausto Canales trata de encontrar nuevos datos que le lleven a los otros tres vecinos de Pajares, fusilados tambi\u00e9n en el verano del 36, cuyos restos no han sido a\u00fan localizados.<br>Y recabando informaci\u00f3n juntos a trav\u00e9s de los recuerdos orales de las pocas personas vivas de la zona que fueron testigos directos, han conseguido poner nombre a varios de los protagonistas de la historia: desde los victimarios a esa gente buena de los pueblos que, de una manera u otra, contribuy\u00f3 con su ayuda a que los 12 seres humanos de la Caja 198 descansen en paz al fin.<br>Este proyecto cuenta con la colaboraci\u00f3n especial de Rozal\u00e9n, abriendo a capella cada episodio; y con la voces de Jos\u00e9 Sacrist\u00e1n, Amparo Climent, Andr\u00e9s Lima, Ana de Lima y Mona Le\u00f3n Siminiani, todo ellos artistas comprometidos con la memoria hist\u00f3rica. La BSO es obra de Rafael Lucas y el dise\u00f1o sonoro de las \u00abficciones de no ficci\u00f3n\u00bb de Ar\u00e1nzazu San Gin\u00e9s, que ha recreado con poes\u00eda sonora los momentos m\u00e1s impactantes de esta historia rural de silencios.<br>La Caja 198 es un documental sonoro y literario con tintes de true crime. Un podcast independiente que ha sido posible gracias a las ayudas de 2024 para la promoci\u00f3n del sector del videojuego, del podcast y de otras formas de creaci\u00f3n digital del Ministerio de Cultura, dentro del Plan Europeo de Transformaci\u00f3n y Resiliencia con cargo a los Fondos Next-Generation EU.<\/td><td><a href=\"https:\/\/open.spotify.com\/episode\/3Eirv1OakhjOmpsaBtImoF?si=651KqrUcRDurhpUKTnu9bg\">https:\/\/open.spotify.com\/episode\/3Eirv1OakhjOmpsaBtImoF?si=651KqrUcRDurhpUKTnu9bg<\/a><\/td><td class=\"has-text-align-center\" data-align=\"center\">5.05%<\/td><td class=\"has-text-align-center\" data-align=\"center\">NO<\/td><\/tr><\/tbody><\/table><\/figure>\n","protected":false},"excerpt":{"rendered":"<p>Bienvenidos al Listado de Finalistas por Categor\u00eda. Enhorabuena a todos los participantes y nuestras felicitaciones a los m\u00e1s votados por Categor\u00eda. Recuerda qu\u00e9 ahora, los SOCIOS podr\u00e1n votarte para ser el Mejor Podcast en la Categor\u00eda que has escogido y en las JPOD tendremos la entrega de Premios. Las JPOD es parte del ADN de&hellip;&nbsp;<a href=\"https:\/\/premios.asociacionpodcast.es\/index.php\/listado-finalistas-por-categoria-2025\/\" rel=\"bookmark\">Leer m\u00e1s &raquo;<span class=\"screen-reader-text\">LISTADO FINALISTAS POR CATEGOR\u00cdA 2025<\/span><\/a><\/p>\n","protected":false},"author":1,"featured_media":0,"parent":0,"menu_order":0,"comment_status":"closed","ping_status":"closed","template":"","meta":{"neve_meta_sidebar":"","neve_meta_container":"","neve_meta_enable_content_width":"","neve_meta_content_width":0,"neve_meta_title_alignment":"","neve_meta_author_avatar":"","neve_post_elements_order":"","neve_meta_disable_header":"","neve_meta_disable_footer":"","neve_meta_disable_title":"","footnotes":""},"_links":{"self":[{"href":"https:\/\/premios.asociacionpodcast.es\/index.php\/wp-json\/wp\/v2\/pages\/1529"}],"collection":[{"href":"https:\/\/premios.asociacionpodcast.es\/index.php\/wp-json\/wp\/v2\/pages"}],"about":[{"href":"https:\/\/premios.asociacionpodcast.es\/index.php\/wp-json\/wp\/v2\/types\/page"}],"author":[{"embeddable":true,"href":"https:\/\/premios.asociacionpodcast.es\/index.php\/wp-json\/wp\/v2\/users\/1"}],"replies":[{"embeddable":true,"href":"https:\/\/premios.asociacionpodcast.es\/index.php\/wp-json\/wp\/v2\/comments?post=1529"}],"version-history":[{"count":26,"href":"https:\/\/premios.asociacionpodcast.es\/index.php\/wp-json\/wp\/v2\/pages\/1529\/revisions"}],"predecessor-version":[{"id":1582,"href":"https:\/\/premios.asociacionpodcast.es\/index.php\/wp-json\/wp\/v2\/pages\/1529\/revisions\/1582"}],"wp:attachment":[{"href":"https:\/\/premios.asociacionpodcast.es\/index.php\/wp-json\/wp\/v2\/media?parent=1529"}],"curies":[{"name":"wp","href":"https:\/\/api.w.org\/{rel}","templated":true}]}}